{"id":8,"date":"2024-02-14T16:34:16","date_gmt":"2024-02-14T16:34:16","guid":{"rendered":"http:\/\/renaudfang.local\/?page_id=8"},"modified":"2026-04-29T13:30:27","modified_gmt":"2026-04-29T13:30:27","slug":"accueil","status":"publish","type":"page","link":"https:\/\/www.renaudfang.com\/en\/","title":{"rendered":"Home"},"content":{"rendered":"\t\t<div data-elementor-type=\"wp-page\" data-elementor-id=\"8\" class=\"elementor elementor-8\">\n\t\t\t\t<div class=\"elementor-element elementor-element-fb683c2 e-con-full e-flex wpr-particle-no wpr-jarallax-no wpr-parallax-no wpr-sticky-section-no wpr-equal-height-no e-con e-parent\" data-id=\"fb683c2\" data-element_type=\"container\" data-e-type=\"container\" data-settings=\"{&quot;background_background&quot;:&quot;slideshow&quot;,&quot;background_slideshow_gallery&quot;:[{&quot;id&quot;:32,&quot;url&quot;:&quot;https:\\\/\\\/www.renaudfang.com\\\/wp-content\\\/uploads\\\/2024\\\/02\\\/Bruxelles-\\u00a9Renaud-Fang-22-scaled.jpg&quot;},{&quot;id&quot;:678,&quot;url&quot;:&quot;https:\\\/\\\/www.renaudfang.com\\\/wp-content\\\/uploads\\\/2026\\\/03\\\/DSC1616.\\u00a9Renaud-Fang-scaled.jpg&quot;},{&quot;id&quot;:600,&quot;url&quot;:&quot;https:\\\/\\\/www.renaudfang.com\\\/wp-content\\\/uploads\\\/2026\\\/03\\\/DSC7138f.jpg&quot;},{&quot;id&quot;:928,&quot;url&quot;:&quot;https:\\\/\\\/www.renaudfang.com\\\/wp-content\\\/uploads\\\/2026\\\/03\\\/DSC7522\\u00a9Renaud-Fang-scaled.jpg&quot;},{&quot;id&quot;:746,&quot;url&quot;:&quot;https:\\\/\\\/www.renaudfang.com\\\/wp-content\\\/uploads\\\/2026\\\/03\\\/DSC0991\\u00a9Renaud-Fang-scaled.jpg&quot;},{&quot;id&quot;:759,&quot;url&quot;:&quot;https:\\\/\\\/www.renaudfang.com\\\/wp-content\\\/uploads\\\/2026\\\/03\\\/049-scaled.jpg&quot;},{&quot;id&quot;:715,&quot;url&quot;:&quot;https:\\\/\\\/www.renaudfang.com\\\/wp-content\\\/uploads\\\/2026\\\/03\\\/DSC9335\\u00a9Renaud-Fang-scaled.jpg&quot;},{&quot;id&quot;:687,&quot;url&quot;:&quot;https:\\\/\\\/www.renaudfang.com\\\/wp-content\\\/uploads\\\/2026\\\/03\\\/DSC0795\\u00a9Renaud-Fang\\u00a9Renaud-Fang\\u00a9Renaud-Fang-scaled.jpg&quot;},{&quot;id&quot;:31,&quot;url&quot;:&quot;https:\\\/\\\/www.renaudfang.com\\\/wp-content\\\/uploads\\\/2024\\\/02\\\/Bruxelles-\\u00a9Renaud-Fang-21-scaled.jpg&quot;}],&quot;background_slideshow_slide_duration&quot;:2500,&quot;background_slideshow_ken_burns&quot;:&quot;yes&quot;,&quot;background_slideshow_ken_burns_zoom_direction&quot;:&quot;out&quot;,&quot;background_slideshow_loop&quot;:&quot;yes&quot;,&quot;background_slideshow_slide_transition&quot;:&quot;fade&quot;,&quot;background_slideshow_transition_duration&quot;:500}\">\n\t\t\t\t<div class=\"elementor-element elementor-element-e959d4b elementor-widget elementor-widget-spacer\" data-id=\"e959d4b\" data-element_type=\"widget\" data-e-type=\"widget\" data-widget_type=\"spacer.default\">\n\t\t\t\t<div class=\"elementor-widget-container\">\n\t\t\t\t\t\t\t<div class=\"elementor-spacer\">\n\t\t\t<div class=\"elementor-spacer-inner\"><\/div>\n\t\t<\/div>\n\t\t\t\t\t\t<\/div>\n\t\t\t\t<\/div>\n\t\t\t\t<div class=\"elementor-element elementor-element-3b5fa77 elementor-widget elementor-widget-spacer\" data-id=\"3b5fa77\" data-element_type=\"widget\" data-e-type=\"widget\" data-widget_type=\"spacer.default\">\n\t\t\t\t<div class=\"elementor-widget-container\">\n\t\t\t\t\t\t\t<div class=\"elementor-spacer\">\n\t\t\t<div class=\"elementor-spacer-inner\"><\/div>\n\t\t<\/div>\n\t\t\t\t\t\t<\/div>\n\t\t\t\t<\/div>\n\t\t\t\t<\/div>\n\t\t<div class=\"elementor-element elementor-element-2b83e6b e-con-full e-flex wpr-particle-no wpr-jarallax-no wpr-parallax-no wpr-sticky-section-no wpr-equal-height-no e-con e-parent\" data-id=\"2b83e6b\" data-element_type=\"container\" data-e-type=\"container\">\n\t\t<div class=\"elementor-element elementor-element-389e210 e-con-full e-flex wpr-particle-no wpr-jarallax-no wpr-parallax-no wpr-sticky-section-no wpr-equal-height-no e-con e-child\" data-id=\"389e210\" data-element_type=\"container\" data-e-type=\"container\">\n\t\t\t\t<div class=\"elementor-element elementor-element-d6c3773 elementor-widget elementor-widget-image\" data-id=\"d6c3773\" data-element_type=\"widget\" data-e-type=\"widget\" data-widget_type=\"image.default\">\n\t\t\t\t<div class=\"elementor-widget-container\">\n\t\t\t\t\t\t\t\t\t\t\t\t\t\t\t<img fetchpriority=\"high\" decoding=\"async\" width=\"2560\" height=\"1709\" src=\"https:\/\/www.renaudfang.com\/wp-content\/uploads\/2024\/07\/DSC5230\u00a9Renaud-Fang-scaled.jpg\" class=\"attachment-full size-full wp-image-372\" alt=\"Bruxelles \u00a9Renaud Fang\" srcset=\"https:\/\/www.renaudfang.com\/wp-content\/uploads\/2024\/07\/DSC5230\u00a9Renaud-Fang-scaled.jpg 2560w, https:\/\/www.renaudfang.com\/wp-content\/uploads\/2024\/07\/DSC5230\u00a9Renaud-Fang-300x200.jpg 300w, https:\/\/www.renaudfang.com\/wp-content\/uploads\/2024\/07\/DSC5230\u00a9Renaud-Fang-1024x684.jpg 1024w, https:\/\/www.renaudfang.com\/wp-content\/uploads\/2024\/07\/DSC5230\u00a9Renaud-Fang-768x513.jpg 768w, https:\/\/www.renaudfang.com\/wp-content\/uploads\/2024\/07\/DSC5230\u00a9Renaud-Fang-1536x1025.jpg 1536w, https:\/\/www.renaudfang.com\/wp-content\/uploads\/2024\/07\/DSC5230\u00a9Renaud-Fang-2048x1367.jpg 2048w\" sizes=\"(max-width: 2560px) 100vw, 2560px\" \/>\t\t\t\t\t\t\t\t\t\t\t\t\t\t\t<\/div>\n\t\t\t\t<\/div>\n\t\t\t\t<\/div>\n\t\t<div class=\"elementor-element elementor-element-23d5586 e-con-full e-flex wpr-particle-no wpr-jarallax-no wpr-parallax-no wpr-sticky-section-no wpr-equal-height-no e-con e-child\" data-id=\"23d5586\" data-element_type=\"container\" data-e-type=\"container\">\n\t\t\t\t<div class=\"elementor-element elementor-element-66bbb66 elementor-widget elementor-widget-heading\" data-id=\"66bbb66\" data-element_type=\"widget\" data-e-type=\"widget\" data-widget_type=\"heading.default\">\n\t\t\t\t<div class=\"elementor-widget-container\">\n\t\t\t\t\t<h1 class=\"elementor-heading-title elementor-size-default\">Regarder autrement<\/h1>\t\t\t\t<\/div>\n\t\t\t\t<\/div>\n\t\t\t\t<div class=\"elementor-element elementor-element-039b2ba elementor-widget elementor-widget-text-editor\" data-id=\"039b2ba\" data-element_type=\"widget\" data-e-type=\"widget\" data-widget_type=\"text-editor.default\">\n\t\t\t\t<div class=\"elementor-widget-container\">\n\t\t\t\t\t\t\t\t\t<p class=\"my-2 [&amp;+p]:mt-4 [&amp;_strong:has(+br)]:inline-block [&amp;_strong:has(+br)]:pb-2\">Ma photographie est avant tout un geste de m\u00e9moire, un archivage du r\u00e9el et de ses silences. Une collection d\u2019histoires et de souvenirs tiss\u00e9e entre mon monde int\u00e9rieur et celui de mes contemporains.<br \/>Photographe urbain et documentaire install\u00e9 \u00e0 Bruxelles, autodidacte, je poursuis depuis l\u2019enfance une qu\u00eate de lignes et de compositions fortes, bien avant la technique. Ce sont ces structures invisibles qui guident mon regard et donnent rythme \u00e0 mes images.<br \/>Au fil de mes voyages, de mes errances urbaines et de mes rencontres, j\u2019ai appris \u00e0 observer les espaces d\u00e9laiss\u00e9s \u2014 ces lieux que l\u2019habitude a rendus transparents, mais qui continuent de raconter ceux qui les traversent. Derri\u00e8re chaque image, je cherche \u00e0 comprendre ce lien fragile entre les hommes et leur environnement, entre la ville et ceux qui la vivent.<br \/>Mes s\u00e9ries sont autant de fragments du r\u00e9el : gestes, fa\u00e7ades, visages, ombres \u2014 tout ce qui, dans sa discr\u00e9tion, r\u00e9v\u00e8le la po\u00e9sie quotidienne du monde.<br \/>Ce site pr\u00e9sente \u00e9galement mes autres cr\u00e9ations : design web, vid\u00e9o, collage, expositions, publications et graffiti, autant de mani\u00e8res de prolonger mon regard sur la ville et le monde \u00e0 travers diff\u00e9rents m\u00e9dias.<\/p>\t\t\t\t\t\t\t\t<\/div>\n\t\t\t\t<\/div>\n\t\t\t\t<\/div>\n\t\t\t\t<\/div>\n\t\t\t\t<\/div>\n\t\t","protected":false},"excerpt":{"rendered":"<p>Regarder autrement Ma photographie est avant tout un geste de m\u00e9moire, un archivage du r\u00e9el et de ses silences. Une collection d\u2019histoires et de souvenirs tiss\u00e9e entre mon monde int\u00e9rieur et celui de mes contemporains.Photographe urbain et documentaire install\u00e9 \u00e0 Bruxelles, autodidacte, je poursuis depuis l\u2019enfance une qu\u00eate de lignes et de compositions fortes, bien avant la technique. Ce sont ces structures invisibles qui guident mon regard et donnent rythme \u00e0 mes images.Au fil de mes voyages, de mes errances urbaines et de mes rencontres, j\u2019ai appris \u00e0 observer les espaces d\u00e9laiss\u00e9s \u2014 ces lieux que l\u2019habitude a rendus transparents, mais qui continuent de raconter ceux qui les traversent. Derri\u00e8re chaque image, je cherche \u00e0 comprendre ce lien fragile entre les hommes et leur environnement, entre la ville et ceux qui la vivent.Mes s\u00e9ries sont autant de fragments du r\u00e9el : gestes, fa\u00e7ades, visages, ombres \u2014 tout ce qui, dans sa discr\u00e9tion, r\u00e9v\u00e8le la po\u00e9sie quotidienne du monde.Ce site pr\u00e9sente \u00e9galement mes autres cr\u00e9ations : design web, vid\u00e9o, collage, expositions, publications et graffiti, autant de mani\u00e8res de prolonger mon regard sur la ville et le monde \u00e0 travers diff\u00e9rents m\u00e9dias.<\/p>","protected":false},"author":1,"featured_media":0,"parent":0,"menu_order":0,"comment_status":"closed","ping_status":"closed","template":"","meta":{"footnotes":""},"class_list":["post-8","page","type-page","status-publish","hentry"],"blocksy_meta":[],"yoast_head":"<!-- This site is optimized with the Yoast SEO plugin v27.5 - https:\/\/yoast.com\/product\/yoast-seo-wordpress\/ -->\n<title>Accueil - Renaud Fang<\/title>\n<meta name=\"robots\" content=\"index, follow, max-snippet:-1, max-image-preview:large, max-video-preview:-1\" \/>\n<link rel=\"canonical\" href=\"https:\/\/www.renaudfang.com\/en\/\" \/>\n<meta property=\"og:locale\" content=\"en_GB\" \/>\n<meta property=\"og:type\" content=\"article\" \/>\n<meta property=\"og:title\" content=\"Accueil - Renaud Fang\" \/>\n<meta property=\"og:description\" content=\"Regarder autrement Ma photographie est avant tout un geste de m\u00e9moire, un archivage du r\u00e9el et de ses silences. Une collection d\u2019histoires et de souvenirs tiss\u00e9e entre mon monde int\u00e9rieur et celui de mes contemporains.Photographe urbain et documentaire install\u00e9 \u00e0 Bruxelles, autodidacte, je poursuis depuis l\u2019enfance une qu\u00eate de lignes et de compositions fortes, bien avant la technique. Ce sont ces structures invisibles qui guident mon regard et donnent rythme \u00e0 mes images.Au fil de mes voyages, de mes errances urbaines et de mes rencontres, j\u2019ai appris \u00e0 observer les espaces d\u00e9laiss\u00e9s \u2014 ces lieux que l\u2019habitude a rendus transparents, mais qui continuent de raconter ceux qui les traversent. Derri\u00e8re chaque image, je cherche \u00e0 comprendre ce lien fragile entre les hommes et leur environnement, entre la ville et ceux qui la vivent.Mes s\u00e9ries sont autant de fragments du r\u00e9el : gestes, fa\u00e7ades, visages, ombres \u2014 tout ce qui, dans sa discr\u00e9tion, r\u00e9v\u00e8le la po\u00e9sie quotidienne du monde.Ce site pr\u00e9sente \u00e9galement mes autres cr\u00e9ations : design web, vid\u00e9o, collage, expositions, publications et graffiti, autant de mani\u00e8res de prolonger mon regard sur la ville et le monde \u00e0 travers diff\u00e9rents m\u00e9dias.\" \/>\n<meta property=\"og:url\" content=\"https:\/\/www.renaudfang.com\/en\/\" \/>\n<meta property=\"og:site_name\" content=\"Renaud Fang\" \/>\n<meta property=\"article:modified_time\" content=\"2026-04-29T13:30:27+00:00\" \/>\n<meta name=\"twitter:card\" content=\"summary_large_image\" \/>\n<meta name=\"twitter:label1\" content=\"Estimated reading time\" \/>\n\t<meta name=\"twitter:data1\" content=\"2 minutes\" \/>\n<script type=\"application\/ld+json\" class=\"yoast-schema-graph\">{\"@context\":\"https:\\\/\\\/schema.org\",\"@graph\":[{\"@type\":\"WebPage\",\"@id\":\"https:\\\/\\\/www.renaudfang.com\\\/\",\"url\":\"https:\\\/\\\/www.renaudfang.com\\\/\",\"name\":\"Accueil - Renaud Fang\",\"isPartOf\":{\"@id\":\"https:\\\/\\\/www.renaudfang.com\\\/#website\"},\"datePublished\":\"2024-02-14T16:34:16+00:00\",\"dateModified\":\"2026-04-29T13:30:27+00:00\",\"breadcrumb\":{\"@id\":\"https:\\\/\\\/www.renaudfang.com\\\/#breadcrumb\"},\"inLanguage\":\"en-GB\",\"potentialAction\":[{\"@type\":\"ReadAction\",\"target\":[\"https:\\\/\\\/www.renaudfang.com\\\/\"]}]},{\"@type\":\"BreadcrumbList\",\"@id\":\"https:\\\/\\\/www.renaudfang.com\\\/#breadcrumb\",\"itemListElement\":[{\"@type\":\"ListItem\",\"position\":1,\"name\":\"Accueil\",\"item\":\"https:\\\/\\\/www.renaudfang.com\\\/\"},{\"@type\":\"ListItem\",\"position\":2,\"name\":\"Accueil\"}]},{\"@type\":\"WebSite\",\"@id\":\"https:\\\/\\\/www.renaudfang.com\\\/#website\",\"url\":\"https:\\\/\\\/www.renaudfang.com\\\/\",\"name\":\"Renaud Fang\",\"description\":\"Photographe Bruxelles\",\"publisher\":{\"@id\":\"https:\\\/\\\/www.renaudfang.com\\\/#\\\/schema\\\/person\\\/554b9ee26439affc1723706225b90e11\"},\"potentialAction\":[{\"@type\":\"SearchAction\",\"target\":{\"@type\":\"EntryPoint\",\"urlTemplate\":\"https:\\\/\\\/www.renaudfang.com\\\/?s={search_term_string}\"},\"query-input\":{\"@type\":\"PropertyValueSpecification\",\"valueRequired\":true,\"valueName\":\"search_term_string\"}}],\"inLanguage\":\"en-GB\"},{\"@type\":[\"Person\",\"Organization\"],\"@id\":\"https:\\\/\\\/www.renaudfang.com\\\/#\\\/schema\\\/person\\\/554b9ee26439affc1723706225b90e11\",\"name\":\"renaud\",\"image\":{\"@type\":\"ImageObject\",\"inLanguage\":\"en-GB\",\"@id\":\"https:\\\/\\\/secure.gravatar.com\\\/avatar\\\/1d46282923ba87a1590d2ca06df7477e916972bf38a1a260e65fc893c9fe4313?s=96&d=mm&r=g\",\"url\":\"https:\\\/\\\/secure.gravatar.com\\\/avatar\\\/1d46282923ba87a1590d2ca06df7477e916972bf38a1a260e65fc893c9fe4313?s=96&d=mm&r=g\",\"contentUrl\":\"https:\\\/\\\/secure.gravatar.com\\\/avatar\\\/1d46282923ba87a1590d2ca06df7477e916972bf38a1a260e65fc893c9fe4313?s=96&d=mm&r=g\",\"caption\":\"renaud\"},\"logo\":{\"@id\":\"https:\\\/\\\/secure.gravatar.com\\\/avatar\\\/1d46282923ba87a1590d2ca06df7477e916972bf38a1a260e65fc893c9fe4313?s=96&d=mm&r=g\"},\"sameAs\":[\"https:\\\/\\\/www.renaudfang.com\",\"https:\\\/\\\/www.instagram.com\\\/fang_renaud\"]}]}<\/script>\n<!-- \/ Yoast SEO plugin. -->","yoast_head_json":{"title":"Accueil - Renaud Fang","robots":{"index":"index","follow":"follow","max-snippet":"max-snippet:-1","max-image-preview":"max-image-preview:large","max-video-preview":"max-video-preview:-1"},"canonical":"https:\/\/www.renaudfang.com\/en\/","og_locale":"en_GB","og_type":"article","og_title":"Accueil - Renaud Fang","og_description":"Regarder autrement Ma photographie est avant tout un geste de m\u00e9moire, un archivage du r\u00e9el et de ses silences. Une collection d\u2019histoires et de souvenirs tiss\u00e9e entre mon monde int\u00e9rieur et celui de mes contemporains.Photographe urbain et documentaire install\u00e9 \u00e0 Bruxelles, autodidacte, je poursuis depuis l\u2019enfance une qu\u00eate de lignes et de compositions fortes, bien avant la technique. Ce sont ces structures invisibles qui guident mon regard et donnent rythme \u00e0 mes images.Au fil de mes voyages, de mes errances urbaines et de mes rencontres, j\u2019ai appris \u00e0 observer les espaces d\u00e9laiss\u00e9s \u2014 ces lieux que l\u2019habitude a rendus transparents, mais qui continuent de raconter ceux qui les traversent. Derri\u00e8re chaque image, je cherche \u00e0 comprendre ce lien fragile entre les hommes et leur environnement, entre la ville et ceux qui la vivent.Mes s\u00e9ries sont autant de fragments du r\u00e9el : gestes, fa\u00e7ades, visages, ombres \u2014 tout ce qui, dans sa discr\u00e9tion, r\u00e9v\u00e8le la po\u00e9sie quotidienne du monde.Ce site pr\u00e9sente \u00e9galement mes autres cr\u00e9ations : design web, vid\u00e9o, collage, expositions, publications et graffiti, autant de mani\u00e8res de prolonger mon regard sur la ville et le monde \u00e0 travers diff\u00e9rents m\u00e9dias.","og_url":"https:\/\/www.renaudfang.com\/en\/","og_site_name":"Renaud Fang","article_modified_time":"2026-04-29T13:30:27+00:00","twitter_card":"summary_large_image","twitter_misc":{"Estimated reading time":"2 minutes"},"schema":{"@context":"https:\/\/schema.org","@graph":[{"@type":"WebPage","@id":"https:\/\/www.renaudfang.com\/","url":"https:\/\/www.renaudfang.com\/","name":"Accueil - Renaud Fang","isPartOf":{"@id":"https:\/\/www.renaudfang.com\/#website"},"datePublished":"2024-02-14T16:34:16+00:00","dateModified":"2026-04-29T13:30:27+00:00","breadcrumb":{"@id":"https:\/\/www.renaudfang.com\/#breadcrumb"},"inLanguage":"en-GB","potentialAction":[{"@type":"ReadAction","target":["https:\/\/www.renaudfang.com\/"]}]},{"@type":"BreadcrumbList","@id":"https:\/\/www.renaudfang.com\/#breadcrumb","itemListElement":[{"@type":"ListItem","position":1,"name":"Accueil","item":"https:\/\/www.renaudfang.com\/"},{"@type":"ListItem","position":2,"name":"Accueil"}]},{"@type":"WebSite","@id":"https:\/\/www.renaudfang.com\/#website","url":"https:\/\/www.renaudfang.com\/","name":"Renaud Fang","description":"Photographe Bruxelles","publisher":{"@id":"https:\/\/www.renaudfang.com\/#\/schema\/person\/554b9ee26439affc1723706225b90e11"},"potentialAction":[{"@type":"SearchAction","target":{"@type":"EntryPoint","urlTemplate":"https:\/\/www.renaudfang.com\/?s={search_term_string}"},"query-input":{"@type":"PropertyValueSpecification","valueRequired":true,"valueName":"search_term_string"}}],"inLanguage":"en-GB"},{"@type":["Person","Organization"],"@id":"https:\/\/www.renaudfang.com\/#\/schema\/person\/554b9ee26439affc1723706225b90e11","name":"renaud","image":{"@type":"ImageObject","inLanguage":"en-GB","@id":"https:\/\/secure.gravatar.com\/avatar\/1d46282923ba87a1590d2ca06df7477e916972bf38a1a260e65fc893c9fe4313?s=96&d=mm&r=g","url":"https:\/\/secure.gravatar.com\/avatar\/1d46282923ba87a1590d2ca06df7477e916972bf38a1a260e65fc893c9fe4313?s=96&d=mm&r=g","contentUrl":"https:\/\/secure.gravatar.com\/avatar\/1d46282923ba87a1590d2ca06df7477e916972bf38a1a260e65fc893c9fe4313?s=96&d=mm&r=g","caption":"renaud"},"logo":{"@id":"https:\/\/secure.gravatar.com\/avatar\/1d46282923ba87a1590d2ca06df7477e916972bf38a1a260e65fc893c9fe4313?s=96&d=mm&r=g"},"sameAs":["https:\/\/www.renaudfang.com","https:\/\/www.instagram.com\/fang_renaud"]}]}},"_links":{"self":[{"href":"https:\/\/www.renaudfang.com\/en\/wp-json\/wp\/v2\/pages\/8","targetHints":{"allow":["GET"]}}],"collection":[{"href":"https:\/\/www.renaudfang.com\/en\/wp-json\/wp\/v2\/pages"}],"about":[{"href":"https:\/\/www.renaudfang.com\/en\/wp-json\/wp\/v2\/types\/page"}],"author":[{"embeddable":true,"href":"https:\/\/www.renaudfang.com\/en\/wp-json\/wp\/v2\/users\/1"}],"replies":[{"embeddable":true,"href":"https:\/\/www.renaudfang.com\/en\/wp-json\/wp\/v2\/comments?post=8"}],"version-history":[{"count":44,"href":"https:\/\/www.renaudfang.com\/en\/wp-json\/wp\/v2\/pages\/8\/revisions"}],"predecessor-version":[{"id":1282,"href":"https:\/\/www.renaudfang.com\/en\/wp-json\/wp\/v2\/pages\/8\/revisions\/1282"}],"wp:attachment":[{"href":"https:\/\/www.renaudfang.com\/en\/wp-json\/wp\/v2\/media?parent=8"}],"curies":[{"name":"wp","href":"https:\/\/api.w.org\/{rel}","templated":true}]}}